{"id":1380,"date":"2024-10-21T12:11:28","date_gmt":"2024-10-21T10:11:28","guid":{"rendered":"https:\/\/www.averda.hr\/?page_id=1380"},"modified":"2025-06-10T11:52:12","modified_gmt":"2025-06-10T09:52:12","slug":"pravila-privatnosti","status":"publish","type":"page","link":"https:\/\/www.averda.hr\/en\/pravila-privatnosti\/","title":{"rendered":"Pravila privatnosti"},"content":{"rendered":"<h1 class=\"wp-block-heading\">Pravila privatnosti<\/h1>\n\n\n\n<p>Za\u0161tita privatnosti na\u0161ih posjetitelja nam je jedan od prioriteta. Pozivamo Vas stoga, na pregled uvjeta privatnosti koje dostavljamo u nastavku.<\/p>\n\n\n\n<p>AVERDA d.o.o., je vlasnik web stranice \u201cwww.averda.hr\u201d. Stvorili smo ovu izjavu o privatnosti kako bismo pokazali da brinemo o privatnosti na\u0161ih korisnika te kako bismo ih informirali o na\u010dinima skupljanja i obrade osobnih podataka na ovoj web stranici. Molimo vas da ovu Izjavu pro\u010ditate pa\u017eljivo kako biste saznali kako skupljamo, obra\u0111ujemo, \u0161titimo ili na bilo koji drugi na\u010din koristimo va\u0161e osobne podatke.<\/p>\n\n\n\n<h3 class=\"wp-block-heading\"><br>Slu\u017ebenik za za\u0161titu podataka<\/h3>\n\n\n\n<p>Tvrtka ima sjedi\u0161te u Zagrebu, Republika Hrvatska. Kao slu\u017ebenik za za\u0161titu podataka imenovana je direktorica, te vam navodimo podatke kako biste mogli ostvariti kontakt radi bilo kakvih pitanja ili pritu\u017ebi vezanih uz na\u0161u politiku privatnosti ili rukovanje osobnim podacima. Kontakt podaci su:<\/p>\n\n\n\n<p><strong>AVERDA d.o.o.<br><\/strong>Sesvete (Grad Zagreb)<br>Street Ivana Me\u0161trovi\u0107a 35<br>info@averda.hr<\/p>\n\n\n\n<h3 class=\"wp-block-heading\"><br>Koji podaci se prikupljaju?<\/h3>\n\n\n\n<p>Podaci o pregledavanju<\/p>\n\n\n\n<p>Tijekom uporabe, informacijsko komunikacijski sustavi i softverski postupci za upravljanje web stranicom preuzimaju neke osobne podatke \u010diji je prijenos osnova u kori\u0161tenju Internet komunikacijskih protokola.<\/p>\n\n\n\n<p>Rije\u010d je o podacima koji nisu povezani s odre\u0111enim pojedincima, ali bi po svojoj prirodi putem obrade i povezivanja s podacima tre\u0107ih strana mogli omogu\u0107iti identifikaciju korisnika odnosno informaciju o njemu.<\/p>\n\n\n\n<p>Ova kategorija podataka uklju\u010duje IP adresu ili nazive domena ra\u010dunala kori\u0161tena od strane korisnika koji se povezuju s web stranicom, URI (Uniform Resource Identifier) adrese tra\u017eenih resursa, vrijeme zahtjeva, metoda kori\u0161tena za podno\u0161enje zahtjeva na server, veli\u010dinu datoteke dobivene kao odgovor, numeri\u010dki k\u00f4d koji ozna\u010dava status odgovora poslu\u017eitelja (uspje\u0161an, pogre\u0161ka itd.) te ostale parametre koji se odnose na operacijski sustav i korisnike.<\/p>\n\n\n\n<p>Navedeni se podaci upotrebljavaju samo za dobivanje anonimnih statisti\u010dkih skupova podataka na web stranici i za provjeru ispravnog funkcioniranja, a bri\u0161u se odmah nakon izvr\u0161ene obrade.<\/p>\n\n\n\n<h3 class=\"wp-block-heading\"><br>Kola\u010di\u0107i (cookies)<\/h3>\n\n\n\n<p>Kola\u010di\u0107i su tekstualne datoteke koje se nalaze na va\u0161em ra\u010dunalu kako bi se prikupile standardne internetske informacije i informacije o pona\u0161anju posjetitelja.<\/p>\n\n\n\n<p>Ove se informacije koriste za pra\u0107enje kori\u0161tenja web stranice i za sastavljanje statisti\u010dkih izvje\u0161taja o aktivnostima web stranice. Postavke svojeg preglednika mo\u017eete podesiti tako da ne spremate kola\u010di\u0107e. Ipak u odre\u0111enim slu\u010dajevima neke od funkcionalnosti na\u0161e web stranice zahtijevaju kola\u010di\u0107e i mo\u017eda ne\u0107e funkcionirati, odlu\u010dite li ih ne prihvatiti.<\/p>\n\n\n\n<h3 class=\"wp-block-heading\"><br>Koje informacije prikupljamo o Vama?<\/h3>\n\n\n\n<p>AVERDA d.o.o. mo\u017ee o vama prikupljati sljede\u0107e podatke:<\/p>\n\n\n\n<p>Kontaktni podaci: ime, titula, adresa, kontakt broj, email adresa, broj faksa.<\/p>\n\n\n\n<p>Va\u0161i interesi vezani za kori\u0161tenje na\u0161e internetske stranice: na\u010din na koji koristite na\u0161u stranicu, koja grupa artikala \/ usluga je u sferi va\u0161eg interesa.<\/p>\n\n\n\n<p>Prikupljamo osobne podatke o vama kada se pretplatite na newsletter, preuzimate materijale ili po\u0161aljete email.<\/p>\n\n\n\n<p>Podaci o kori\u0161tenju web stranice prikupljaju se pomo\u0107u kola\u010di\u0107a.<\/p>\n\n\n\n<h3 class=\"wp-block-heading\"><br>Kako \u0107emo koristiti informacije o Vama?<\/h3>\n\n\n\n<p>Prikupljamo informacije o vama kako bismo vam poslali newsletter, pozivnice na doga\u0111aje, kako bismo vas e-mailom obavijestili o proizvodima i uslugama za koje mislimo da bi vam mogli biti od interesa. Tako\u0111er prikupljamo statisti\u010dke podatke o posje\u0107enosti, kako bi optimizirali na\u0161e web stranice. AVERDA d.o.o. ne\u0107e dijeliti va\u0161e podatke za marketing ili bilo koje druge svrhe s drugim subjektima. Va\u0161e osobne podatke ne\u0107emo obra\u0111ivati na bilo koji na\u010din koji nije opisan u ovim pravilima privatnosti. Obradit \u0107emo va\u0161e osobne podatke na adekvatan i relevantan na\u010din i ograni\u010diti na ono \u0161to je potrebno uzev\u0161i u obzir svrhu za koju se podaci koriste. Prilikom obrade koristimo najbolje dostupne tehni\u010dke opcije za\u0161tite i kriptiranja podataka.<\/p>\n\n\n\n<p>Va\u0161i osobni podaci bit \u0107e obra\u0111eni samo za navedenu svrhu.<\/p>\n\n\n\n<h3 class=\"wp-block-heading\"><br>Marketing<\/h3>\n\n\n\n<p>\u017delimo poslati informacije o na\u0161im proizvodima i uslugama. Ukoliko ste dali privolu za primanje marketin\u0161kih materijala, kasnije ju mo\u017eete slobodno povu\u0107i.<\/p>\n\n\n\n<h3 class=\"wp-block-heading\"><br>Druge web stranice<\/h3>\n\n\n\n<p>Na\u0161a web stranica sadr\u017ei linkove na druge web stranice. Ova pravila privatnosti odnose se samo na stranicu averda.hr tako da kada posjetite druge web stranice trebali biste pro\u010ditati njihova pravila privatnosti.<\/p>\n\n\n\n<h3 class=\"wp-block-heading\"><br>Pristup va\u0161im informacijama, izmjenama i drugim pravima<\/h3>\n\n\n\n<p>Imate pravo zatra\u017eiti kopiju podataka koje pohranjujemo o vama. Ukoliko \u017eelite kopiju va\u0161ih osobnih podataka molimo vas kontakt putem emaila na info@averda.hr.<\/p>\n\n\n\n<p>\u017delimo biti sigurni da su va\u0161i osobni podaci ispravni i a\u017eurni. Stoga nas mo\u017eete zatra\u017eiti ispravak ili uklanjanje neto\u010dnih informacija. Tako\u0111er, mo\u017eete zatra\u017eiti da obri\u0161emo sve va\u0161e osobne podatke koje pohranjujemo.<\/p>\n\n\n\n<h3 class=\"wp-block-heading\"><br>Prava u svezi osobnih podataka<\/h3>\n\n\n\n<p>Op\u0107a uredba o za\u0161titi podataka (GDPR), regulativa je Europske unije koja \u0161titi va\u0161e osobne podatke i zahtijeva da se prikupljaju u skladu sa zakonom pod strogim uvjetima, za opravdanu svrhu. Osobe ili organizacije koje prikupljaju i upravljaju va\u0161im osobnim podacima moraju ih za\u0161tititi od zloupotrebe te moraju po\u0161tivati odre\u0111ena prava vlasnika podataka koja su zajam\u010dena zakonom EU. Shva\u0107aju\u0107i ozbiljnost Uredbe, AVERDA d.o.o. jam\u010di svojim posjetitelja i klijentima sva prava temeljena na GDPR uredbi, i to: pravo na pristup, pravo na ispravak, pravo na zaborav, pravo na ograni\u010denje obrade, pravo na prenosivost, pravo na prigovor, pravo na ne podlijeganje automatiziranoj obradi osobnih podataka, pravo na podno\u0161enje pritu\u017ebi te pravo na naknadu \u0161tete.<\/p>\n\n\n\n<p>Ukoliko koristite bilo koje od ovih prava, provjerit \u0107emo osnovanost va\u0161eg prava i na eventualni upit odgovoriti bez odlaganja, a najkasnije u roku od trideset dana. U slo\u017eenim slu\u010dajevima, ili u slu\u010daju zaprimanja ve\u0107eg broja zahtjeva, ovo razdoblje mo\u017ee se produ\u017eiti za dodatnih \u0161ezdeset dana, o \u010demu \u0107emo vas obavijestiti.<\/p>","protected":false},"excerpt":{"rendered":"<p>Pravila privatnosti Za\u0161tita privatnosti na\u0161ih posjetitelja nam je jedan od prioriteta. Pozivamo Vas stoga, na pregled uvjeta privatnosti koje dostavljamo u nastavku. AVERDA d.o.o., je vlasnik web stranice \u201cwww.averda.hr\u201d. Stvorili smo ovu izjavu o privatnosti kako bismo pokazali da brinemo o privatnosti na\u0161ih korisnika te kako bismo ih informirali o na\u010dinima skupljanja i obrade osobnih [&hellip;]<\/p>","protected":false},"author":1,"featured_media":0,"parent":0,"menu_order":0,"comment_status":"closed","ping_status":"closed","template":"","meta":{"slim_seo":{"noindex":"1","title":"Pravila privatnosti - Averda","description":"Pravila privatnosti Za\u0161tita privatnosti na\u0161ih posjetitelja nam je jedan od prioriteta. Pozivamo Vas stoga, na pregled uvjeta privatnosti koje dostavljamo u nast"},"footnotes":""},"class_list":["post-1380","page","type-page","status-publish","hentry"],"_links":{"self":[{"href":"https:\/\/www.averda.hr\/en\/wp-json\/wp\/v2\/pages\/1380","targetHints":{"allow":["GET"]}}],"collection":[{"href":"https:\/\/www.averda.hr\/en\/wp-json\/wp\/v2\/pages"}],"about":[{"href":"https:\/\/www.averda.hr\/en\/wp-json\/wp\/v2\/types\/page"}],"author":[{"embeddable":true,"href":"https:\/\/www.averda.hr\/en\/wp-json\/wp\/v2\/users\/1"}],"replies":[{"embeddable":true,"href":"https:\/\/www.averda.hr\/en\/wp-json\/wp\/v2\/comments?post=1380"}],"version-history":[{"count":5,"href":"https:\/\/www.averda.hr\/en\/wp-json\/wp\/v2\/pages\/1380\/revisions"}],"predecessor-version":[{"id":1385,"href":"https:\/\/www.averda.hr\/en\/wp-json\/wp\/v2\/pages\/1380\/revisions\/1385"}],"wp:attachment":[{"href":"https:\/\/www.averda.hr\/en\/wp-json\/wp\/v2\/media?parent=1380"}],"curies":[{"name":"wp","href":"https:\/\/api.w.org\/{rel}","templated":true}]}}